{"id":1824,"date":"2018-08-17T06:00:31","date_gmt":"2018-08-17T04:00:31","guid":{"rendered":"http:\/\/themes.themegoods.com\/architecturer\/demo\/?page_id=1824"},"modified":"2026-03-26T18:54:34","modified_gmt":"2026-03-26T17:54:34","slug":"accueil","status":"publish","type":"page","link":"https:\/\/territoirespaysagistes.com\/","title":{"rendered":"Accueil"},"content":{"rendered":"\t\t<div data-elementor-type=\"wp-post\" data-elementor-id=\"1824\" class=\"elementor elementor-1824\">\n\t\t\t\t\t\t<section class=\"elementor-section elementor-top-section elementor-element elementor-element-4c2c152 elementor-hidden-desktop elementor-section-boxed elementor-section-height-default elementor-section-height-default\" data-id=\"4c2c152\" data-element_type=\"section\" data-settings=\"{&quot;background_background&quot;:&quot;slideshow&quot;,&quot;background_slideshow_gallery&quot;:[{&quot;id&quot;:4474,&quot;url&quot;:&quot;https:\\\/\\\/territoirespaysagistes.com\\\/wp-content\\\/uploads\\\/2020\\\/01\\\/IMG_2822-copie.jpg&quot;},{&quot;id&quot;:4994,&quot;url&quot;:&quot;https:\\\/\\\/territoirespaysagistes.com\\\/wp-content\\\/uploads\\\/2020\\\/11\\\/Grand-Voyeux-3.jpg&quot;},{&quot;id&quot;:5924,&quot;url&quot;:&quot;https:\\\/\\\/territoirespaysagistes.com\\\/wp-content\\\/uploads\\\/2023\\\/02\\\/ParisbyNW01.jpg&quot;},{&quot;id&quot;:5929,&quot;url&quot;:&quot;https:\\\/\\\/territoirespaysagistes.com\\\/wp-content\\\/uploads\\\/2023\\\/02\\\/Serm014.jpg&quot;},{&quot;id&quot;:2940,&quot;url&quot;:&quot;https:\\\/\\\/territoirespaysagistes.com\\\/wp-content\\\/uploads\\\/2019\\\/11\\\/0006884_127.jpg&quot;},{&quot;id&quot;:3620,&quot;url&quot;:&quot;https:\\\/\\\/territoirespaysagistes.com\\\/wp-content\\\/uploads\\\/2019\\\/12\\\/0006449-e1677506990599.jpg&quot;},{&quot;id&quot;:5933,&quot;url&quot;:&quot;https:\\\/\\\/territoirespaysagistes.com\\\/wp-content\\\/uploads\\\/2023\\\/02\\\/NorgesbyNWete-09.jpg&quot;},{&quot;id&quot;:5917,&quot;url&quot;:&quot;https:\\\/\\\/territoirespaysagistes.com\\\/wp-content\\\/uploads\\\/2023\\\/02\\\/BSC_EXT_v3_modif_09_20.jpg&quot;},{&quot;id&quot;:3456,&quot;url&quot;:&quot;https:\\\/\\\/territoirespaysagistes.com\\\/wp-content\\\/uploads\\\/2019\\\/12\\\/DSC3828_185.jpg&quot;}],&quot;background_slideshow_ken_burns&quot;:&quot;yes&quot;,&quot;background_slideshow_loop&quot;:&quot;yes&quot;,&quot;background_slideshow_slide_duration&quot;:5000,&quot;background_slideshow_slide_transition&quot;:&quot;fade&quot;,&quot;background_slideshow_transition_duration&quot;:500,&quot;background_slideshow_ken_burns_zoom_direction&quot;:&quot;in&quot;}\">\n\t\t\t\t\t\t<div class=\"elementor-container elementor-column-gap-default\">\n\t\t\t\t\t<div class=\"elementor-column elementor-col-100 elementor-top-column elementor-element elementor-element-1117849\" data-id=\"1117849\" data-element_type=\"column\">\n\t\t\t<div class=\"elementor-widget-wrap\">\n\t\t\t\t\t\t\t<\/div>\n\t\t<\/div>\n\t\t\t\t\t<\/div>\n\t\t<\/section>\n\t\t\t\t<section class=\"elementor-section elementor-top-section elementor-element elementor-element-62ffc30 elementor-section-stretched elementor-section-height-min-height elementor-section-content-middle elementor-hidden-tablet elementor-hidden-mobile elementor-section-boxed elementor-section-height-default elementor-section-items-middle\" data-id=\"62ffc30\" data-element_type=\"section\" data-settings=\"{&quot;stretch_section&quot;:&quot;section-stretched&quot;,&quot;background_background&quot;:&quot;slideshow&quot;,&quot;background_slideshow_gallery&quot;:[{&quot;id&quot;:4474,&quot;url&quot;:&quot;https:\\\/\\\/territoirespaysagistes.com\\\/wp-content\\\/uploads\\\/2020\\\/01\\\/IMG_2822-copie.jpg&quot;},{&quot;id&quot;:4994,&quot;url&quot;:&quot;https:\\\/\\\/territoirespaysagistes.com\\\/wp-content\\\/uploads\\\/2020\\\/11\\\/Grand-Voyeux-3.jpg&quot;},{&quot;id&quot;:4995,&quot;url&quot;:&quot;https:\\\/\\\/territoirespaysagistes.com\\\/wp-content\\\/uploads\\\/2020\\\/11\\\/ParisbyNW01.jpg&quot;},{&quot;id&quot;:3488,&quot;url&quot;:&quot;https:\\\/\\\/territoirespaysagistes.com\\\/wp-content\\\/uploads\\\/2019\\\/12\\\/Serm014.jpg&quot;},{&quot;id&quot;:2940,&quot;url&quot;:&quot;https:\\\/\\\/territoirespaysagistes.com\\\/wp-content\\\/uploads\\\/2019\\\/11\\\/0006884_127.jpg&quot;},{&quot;id&quot;:3620,&quot;url&quot;:&quot;https:\\\/\\\/territoirespaysagistes.com\\\/wp-content\\\/uploads\\\/2019\\\/12\\\/0006449.jpg&quot;},{&quot;id&quot;:3461,&quot;url&quot;:&quot;https:\\\/\\\/territoirespaysagistes.com\\\/wp-content\\\/uploads\\\/2019\\\/12\\\/NorgesbyNWete-09.jpg&quot;},{&quot;id&quot;:4626,&quot;url&quot;:&quot;https:\\\/\\\/territoirespaysagistes.com\\\/wp-content\\\/uploads\\\/2020\\\/02\\\/Capture-d\\u2019e\\u0301cran-2019-10-15-a\\u0300-15.23.36.png&quot;},{&quot;id&quot;:3456,&quot;url&quot;:&quot;https:\\\/\\\/territoirespaysagistes.com\\\/wp-content\\\/uploads\\\/2019\\\/12\\\/DSC3828_185.jpg&quot;}],&quot;background_slideshow_slide_duration&quot;:6500,&quot;background_slideshow_loop&quot;:&quot;yes&quot;,&quot;background_slideshow_slide_transition&quot;:&quot;fade&quot;,&quot;background_slideshow_transition_duration&quot;:500}\">\n\t\t\t\t\t\t\t<div class=\"elementor-background-overlay\"><\/div>\n\t\t\t\t\t\t\t<div class=\"elementor-container elementor-column-gap-default\">\n\t\t\t\t\t<div class=\"elementor-column elementor-col-100 elementor-top-column elementor-element elementor-element-af9e6fb\" data-id=\"af9e6fb\" data-element_type=\"column\">\n\t\t\t<div class=\"elementor-widget-wrap\">\n\t\t\t\t\t\t\t<\/div>\n\t\t<\/div>\n\t\t\t\t\t<\/div>\n\t\t<\/section>\n\t\t\t\t<section class=\"elementor-section elementor-top-section elementor-element elementor-element-e488b84 elementor-hidden-tablet elementor-hidden-mobile elementor-section-boxed elementor-section-height-default elementor-section-height-default\" data-id=\"e488b84\" data-element_type=\"section\">\n\t\t\t\t\t\t<div class=\"elementor-container elementor-column-gap-default\">\n\t\t\t\t\t<div class=\"elementor-column elementor-col-100 elementor-top-column elementor-element elementor-element-8eed765\" data-id=\"8eed765\" data-element_type=\"column\">\n\t\t\t<div class=\"elementor-widget-wrap elementor-element-populated\">\n\t\t\t\t\t\t<div class=\"elementor-element elementor-element-df78fda elementor-widget elementor-widget-spacer\" data-id=\"df78fda\" data-element_type=\"widget\" data-widget_type=\"spacer.default\">\n\t\t\t\t<div class=\"elementor-widget-container\">\n\t\t\t\t\t\t\t<div class=\"elementor-spacer\">\n\t\t\t<div class=\"elementor-spacer-inner\"><\/div>\n\t\t<\/div>\n\t\t\t\t\t\t<\/div>\n\t\t\t\t<\/div>\n\t\t\t\t\t<\/div>\n\t\t<\/div>\n\t\t\t\t\t<\/div>\n\t\t<\/section>\n\t\t\t\t<section class=\"elementor-section elementor-top-section elementor-element elementor-element-c77646f elementor-section-boxed elementor-section-height-default elementor-section-height-default\" data-id=\"c77646f\" data-element_type=\"section\">\n\t\t\t\t\t\t<div class=\"elementor-container elementor-column-gap-default\">\n\t\t\t\t\t<div class=\"elementor-column elementor-col-66 elementor-top-column elementor-element elementor-element-ebba639\" data-id=\"ebba639\" data-element_type=\"column\">\n\t\t\t<div class=\"elementor-widget-wrap elementor-element-populated\">\n\t\t\t\t\t\t<div class=\"elementor-element elementor-element-01587fd elementor-widget elementor-widget-heading\" data-id=\"01587fd\" data-element_type=\"widget\" data-widget_type=\"heading.default\">\n\t\t\t\t<div class=\"elementor-widget-container\">\n\t\t\t\t\t<h1 class=\"elementor-heading-title elementor-size-default\">TERRITOIRES<\/h1>\t\t\t\t<\/div>\n\t\t\t\t<\/div>\n\t\t\t\t<div class=\"elementor-element elementor-element-b49f88a animated-slow elementor-invisible elementor-widget elementor-widget-text-editor\" data-id=\"b49f88a\" data-element_type=\"widget\" data-settings=\"{&quot;_animation&quot;:&quot;fadeIn&quot;,&quot;_animation_delay&quot;:150}\" data-widget_type=\"text-editor.default\">\n\t\t\t\t<div class=\"elementor-widget-container\">\n\t\t\t\t\t\t\t\t\t<h2><strong>Architectes de paysages<\/strong><\/h2>\t\t\t\t\t\t\t\t<\/div>\n\t\t\t\t<\/div>\n\t\t\t\t<section class=\"elementor-section elementor-inner-section elementor-element elementor-element-1cbb48b animated-slow elementor-section-boxed elementor-section-height-default elementor-section-height-default elementor-invisible\" data-id=\"1cbb48b\" data-element_type=\"section\" data-settings=\"{&quot;animation&quot;:&quot;fadeIn&quot;,&quot;animation_delay&quot;:200}\">\n\t\t\t\t\t\t<div class=\"elementor-container elementor-column-gap-default\">\n\t\t\t\t\t<div class=\"elementor-column elementor-col-100 elementor-inner-column elementor-element elementor-element-e038bf6\" data-id=\"e038bf6\" data-element_type=\"column\">\n\t\t\t<div class=\"elementor-widget-wrap elementor-element-populated\">\n\t\t\t\t\t\t<div class=\"elementor-element elementor-element-c47c843 elementor-widget elementor-widget-text-editor\" data-id=\"c47c843\" data-element_type=\"widget\" data-widget_type=\"text-editor.default\">\n\t\t\t\t<div class=\"elementor-widget-container\">\n\t\t\t\t\t\t\t\t\t<p>Depuis 1992, Territoires con\u00e7oit des paysages au c\u0153ur de villages, autour d\u2019art\u00e8res urbaines, sur des sites touristiques, historiques ou naturels&#8230; Au fil de la centaine de projets que notre \u00e9quipe a r\u00e9alis\u00e9s, nous avons d\u00e9velopp\u00e9 une app\u00e9tence particuli\u00e8re pour les interventions en milieux sensibles. Une approche qui prend tout son sens, \u00e0 l\u2019heure o\u00f9 les sites fragiles tendent \u00e0 se multiplier. En r\u00e9ponse \u00e0 ce d\u00e9fi, Territoires s\u2019attache \u00e0 sonder en profondeur les espaces qui lui sont confi\u00e9s. Et si plusieurs de nos projets ont \u00e9t\u00e9 prim\u00e9s, nous n\u2019oublions jamais que l\u2019usage doit primer sur la forme. L\u2019enjeu est de faire na\u00eetre, loin de tout st\u00e9r\u00e9otype paysager, l\u2019am\u00e9nagement que chaque territoire porte d\u00e9j\u00e0 en lui.<\/p>\n<p><strong>Nous avons la conviction que le paysage doit \u00eatre \u00e0 la fois :<\/strong><\/p>\n<p>&#8211; Un territoire attentif \u00e0 la qualit\u00e9 des \u00e9cosyst\u00e8mes pr\u00e9existants.<br>&#8211; Un territoire r\u00e9silient face aux bouleversements climatiques.<br>&#8211; Un territoire sobre en ressources naturelles et en \u00e9nergie.<br>&#8211; Un territoire co-construit avec le ma\u00eetre d\u2019ouvrage et les usagers.<br>&#8211; Un territoire inscrit dans le temps long du v\u00e9g\u00e9tal.<br>&#8211; Un territoire porteur de p\u00e9dagogie environnementale pour ses visiteurs.<br>&#8211; Un territoire riche de surprises, d&rsquo;histoires et d&rsquo;exp\u00e9riences sensorielles.<\/p>\t\t\t\t\t\t\t\t<\/div>\n\t\t\t\t<\/div>\n\t\t\t\t\t<\/div>\n\t\t<\/div>\n\t\t\t\t\t<\/div>\n\t\t<\/section>\n\t\t\t\t\t<\/div>\n\t\t<\/div>\n\t\t\t\t<div class=\"elementor-column elementor-col-33 elementor-top-column elementor-element elementor-element-cac6ad3\" data-id=\"cac6ad3\" data-element_type=\"column\">\n\t\t\t<div class=\"elementor-widget-wrap elementor-element-populated\">\n\t\t\t\t\t\t<div class=\"elementor-element elementor-element-e43bb44 elementor-widget elementor-widget-spacer\" data-id=\"e43bb44\" data-element_type=\"widget\" data-widget_type=\"spacer.default\">\n\t\t\t\t<div class=\"elementor-widget-container\">\n\t\t\t\t\t\t\t<div class=\"elementor-spacer\">\n\t\t\t<div class=\"elementor-spacer-inner\"><\/div>\n\t\t<\/div>\n\t\t\t\t\t\t<\/div>\n\t\t\t\t<\/div>\n\t\t\t\t<section class=\"elementor-section elementor-top-section elementor-element elementor-element-b7a50b5 elementor-section-content-middle animated-slow elementor-section-boxed elementor-section-height-default elementor-section-height-default elementor-invisible\" data-id=\"b7a50b5\" data-element_type=\"section\" data-settings=\"{&quot;animation&quot;:&quot;fadeIn&quot;,&quot;animation_delay&quot;:200}\">\n\t\t\t\t\t\t<div class=\"elementor-container elementor-column-gap-default\">\n\t\t\t\t\t<div class=\"elementor-column elementor-col-100 elementor-top-column elementor-element elementor-element-837d2a3\" data-id=\"837d2a3\" data-element_type=\"column\">\n\t\t\t<div class=\"elementor-widget-wrap elementor-element-populated\">\n\t\t\t\t\t\t<div class=\"elementor-element elementor-element-bedc657 elementor-widget elementor-widget-heading\" data-id=\"bedc657\" data-element_type=\"widget\" data-widget_type=\"heading.default\">\n\t\t\t\t<div class=\"elementor-widget-container\">\n\t\t\t\t\t<h3 class=\"elementor-heading-title elementor-size-default\">COMP\u00e9TENCES<\/h3>\t\t\t\t<\/div>\n\t\t\t\t<\/div>\n\t\t\t\t<div class=\"elementor-element elementor-element-11e946f elementor-widget elementor-widget-toggle\" data-id=\"11e946f\" data-element_type=\"widget\" data-widget_type=\"toggle.default\">\n\t\t\t\t<div class=\"elementor-widget-container\">\n\t\t\t\t\t\t\t<div class=\"elementor-toggle\">\n\t\t\t\t\t\t\t<div class=\"elementor-toggle-item\">\n\t\t\t\t\t<div id=\"elementor-tab-title-1871\" class=\"elementor-tab-title\" data-tab=\"1\" role=\"button\" aria-controls=\"elementor-tab-content-1871\" aria-expanded=\"false\">\n\t\t\t\t\t\t\t\t\t\t\t\t<span class=\"elementor-toggle-icon elementor-toggle-icon-left\" aria-hidden=\"true\">\n\t\t\t\t\t\t\t\t\t\t\t\t\t\t\t<span class=\"elementor-toggle-icon-closed\"><i class=\"fas fa-chevron-right\"><\/i><\/span>\n\t\t\t\t\t\t\t\t<span class=\"elementor-toggle-icon-opened\"><i class=\"elementor-toggle-icon-opened fas fa-chevron-down\"><\/i><\/span>\n\t\t\t\t\t\t\t\t\t\t\t\t\t<\/span>\n\t\t\t\t\t\t\t\t\t\t\t\t<a class=\"elementor-toggle-title\" tabindex=\"0\">Paysages et changement climatique<\/a>\n\t\t\t\t\t<\/div>\n\n\t\t\t\t\t<div id=\"elementor-tab-content-1871\" class=\"elementor-tab-content elementor-clearfix\" data-tab=\"1\" role=\"region\" aria-labelledby=\"elementor-tab-title-1871\"><p>Le d\u00e9fi du changement climatique est de r\u00e9concilier notre mode d&rsquo;habiter avec le monde \u00ab\u00a0naturel\u00a0\u00bb. Le r\u00f4le du paysagiste, dans ce contexte, est de pouvoir comprendre l&rsquo;\u00e9volution des territoires o\u00f9 il travaille. Mais aussi, de guider les maitrises d&rsquo;ouvrage dans des projets qui tendent \u00e0 \u00eatre en symbiose avec les processus naturels, ainsi que dans une \u00e9conomie de moyen.<\/p><\/div>\n\t\t\t\t<\/div>\n\t\t\t\t\t\t\t<div class=\"elementor-toggle-item\">\n\t\t\t\t\t<div id=\"elementor-tab-title-1872\" class=\"elementor-tab-title\" data-tab=\"2\" role=\"button\" aria-controls=\"elementor-tab-content-1872\" aria-expanded=\"false\">\n\t\t\t\t\t\t\t\t\t\t\t\t<span class=\"elementor-toggle-icon elementor-toggle-icon-left\" aria-hidden=\"true\">\n\t\t\t\t\t\t\t\t\t\t\t\t\t\t\t<span class=\"elementor-toggle-icon-closed\"><i class=\"fas fa-chevron-right\"><\/i><\/span>\n\t\t\t\t\t\t\t\t<span class=\"elementor-toggle-icon-opened\"><i class=\"elementor-toggle-icon-opened fas fa-chevron-down\"><\/i><\/span>\n\t\t\t\t\t\t\t\t\t\t\t\t\t<\/span>\n\t\t\t\t\t\t\t\t\t\t\t\t<a class=\"elementor-toggle-title\" tabindex=\"0\">Grands paysages, \u00e9cosyst\u00e8mes et urbanisme<\/a>\n\t\t\t\t\t<\/div>\n\n\t\t\t\t\t<div id=\"elementor-tab-content-1872\" class=\"elementor-tab-content elementor-clearfix\" data-tab=\"2\" role=\"region\" aria-labelledby=\"elementor-tab-title-1872\"><p>L&rsquo;agence travaille r\u00e9guli\u00e8rement sur des projets \u00e0 grande \u00e9chelle, avec des outils particuliers pour \u00eatre capables d&rsquo;analyser les territoires avec de grandes donn\u00e9es (SIG). Dot\u00e9 d&rsquo;une \u00e9quipe form\u00e9e aux grandes \u00e9chelles, l&rsquo;agence peut r\u00e9pondre \u00e0 des probl\u00e9matiques complexes soulev\u00e9es par des grands territoires.<\/p><p>La notion d&rsquo;\u00e9cosyst\u00e8me devient de plus en plus pr\u00e9gnante pour analyser les dynamiques naturelles et humaines, et ainsi comprendre les liens qu&rsquo;entretiennent les composantes d&rsquo;un territoire.<\/p><\/div>\n\t\t\t\t<\/div>\n\t\t\t\t\t\t\t<div class=\"elementor-toggle-item\">\n\t\t\t\t\t<div id=\"elementor-tab-title-1873\" class=\"elementor-tab-title\" data-tab=\"3\" role=\"button\" aria-controls=\"elementor-tab-content-1873\" aria-expanded=\"false\">\n\t\t\t\t\t\t\t\t\t\t\t\t<span class=\"elementor-toggle-icon elementor-toggle-icon-left\" aria-hidden=\"true\">\n\t\t\t\t\t\t\t\t\t\t\t\t\t\t\t<span class=\"elementor-toggle-icon-closed\"><i class=\"fas fa-chevron-right\"><\/i><\/span>\n\t\t\t\t\t\t\t\t<span class=\"elementor-toggle-icon-opened\"><i class=\"elementor-toggle-icon-opened fas fa-chevron-down\"><\/i><\/span>\n\t\t\t\t\t\t\t\t\t\t\t\t\t<\/span>\n\t\t\t\t\t\t\t\t\t\t\t\t<a class=\"elementor-toggle-title\" tabindex=\"0\">G\u00e9nie v\u00e9g\u00e9tal, g\u00e9nie des sols<\/a>\n\t\t\t\t\t<\/div>\n\n\t\t\t\t\t<div id=\"elementor-tab-content-1873\" class=\"elementor-tab-content elementor-clearfix\" data-tab=\"3\" role=\"region\" aria-labelledby=\"elementor-tab-title-1873\"><p>La compr\u00e9hension des sols et du fonctionnement du vivant est la base de notre m\u00e9tier. Nous aidons ainsi les maitres d&rsquo;ouvrage \u00e0 mieux g\u00e9rer leur sol et \u00e0 proposer les solutions les plus pertinentes en fonction des qualit\u00e9s singuli\u00e8res de chaque site.<\/p><\/div>\n\t\t\t\t<\/div>\n\t\t\t\t\t\t\t<div class=\"elementor-toggle-item\">\n\t\t\t\t\t<div id=\"elementor-tab-title-1874\" class=\"elementor-tab-title\" data-tab=\"4\" role=\"button\" aria-controls=\"elementor-tab-content-1874\" aria-expanded=\"false\">\n\t\t\t\t\t\t\t\t\t\t\t\t<span class=\"elementor-toggle-icon elementor-toggle-icon-left\" aria-hidden=\"true\">\n\t\t\t\t\t\t\t\t\t\t\t\t\t\t\t<span class=\"elementor-toggle-icon-closed\"><i class=\"fas fa-chevron-right\"><\/i><\/span>\n\t\t\t\t\t\t\t\t<span class=\"elementor-toggle-icon-opened\"><i class=\"elementor-toggle-icon-opened fas fa-chevron-down\"><\/i><\/span>\n\t\t\t\t\t\t\t\t\t\t\t\t\t<\/span>\n\t\t\t\t\t\t\t\t\t\t\t\t<a class=\"elementor-toggle-title\" tabindex=\"0\">Gestion naturelle des eaux pluviales<\/a>\n\t\t\t\t\t<\/div>\n\n\t\t\t\t\t<div id=\"elementor-tab-content-1874\" class=\"elementor-tab-content elementor-clearfix\" data-tab=\"4\" role=\"region\" aria-labelledby=\"elementor-tab-title-1874\"><p>Nous attachons une importance toute particuli\u00e8re \u00e0 la gestion la moins technique des processus naturelles. L&rsquo;eau, que ce soit en milieu urbain ou non, posent de nombreuses probl\u00e9matiques : inondations, gestion des flux, raret\u00e9, qualit\u00e9&#8230; Nous tentons dans chaque projet de pouvoir capter et infiltrer les eaux de pluie directement \u00e0 la parcelle. Mais aussi de mettre en sc\u00e8ne cette eau et de la faire participer \u00e0 la constitution d&rsquo;un paysage compr\u00e9hensible pour ses habitants.<\/p><\/div>\n\t\t\t\t<\/div>\n\t\t\t\t\t\t\t<div class=\"elementor-toggle-item\">\n\t\t\t\t\t<div id=\"elementor-tab-title-1875\" class=\"elementor-tab-title\" data-tab=\"5\" role=\"button\" aria-controls=\"elementor-tab-content-1875\" aria-expanded=\"false\">\n\t\t\t\t\t\t\t\t\t\t\t\t<span class=\"elementor-toggle-icon elementor-toggle-icon-left\" aria-hidden=\"true\">\n\t\t\t\t\t\t\t\t\t\t\t\t\t\t\t<span class=\"elementor-toggle-icon-closed\"><i class=\"fas fa-chevron-right\"><\/i><\/span>\n\t\t\t\t\t\t\t\t<span class=\"elementor-toggle-icon-opened\"><i class=\"elementor-toggle-icon-opened fas fa-chevron-down\"><\/i><\/span>\n\t\t\t\t\t\t\t\t\t\t\t\t\t<\/span>\n\t\t\t\t\t\t\t\t\t\t\t\t<a class=\"elementor-toggle-title\" tabindex=\"0\">Zones humides et zones proteg\u00e9es<\/a>\n\t\t\t\t\t<\/div>\n\n\t\t\t\t\t<div id=\"elementor-tab-content-1875\" class=\"elementor-tab-content elementor-clearfix\" data-tab=\"5\" role=\"region\" aria-labelledby=\"elementor-tab-title-1875\"><p>Travailler en zone humide ou dans des zones prot\u00e9g\u00e9es n\u00e9cessite des comp\u00e9tences et un savoir-faire particulier. Travaillant r\u00e9guli\u00e8rement avec des sp\u00e9cialistes du domaine, l&rsquo;agence met au point des solutions cibl\u00e9es pour la gestion de ces zones sensibles. Le projet en lui m\u00eame doit r\u00e9pondre \u00e0 des contraintes exigeantes en terme de respect et de protection de la biodiversit\u00e9.<\/p><\/div>\n\t\t\t\t<\/div>\n\t\t\t\t\t\t\t<div class=\"elementor-toggle-item\">\n\t\t\t\t\t<div id=\"elementor-tab-title-1876\" class=\"elementor-tab-title\" data-tab=\"6\" role=\"button\" aria-controls=\"elementor-tab-content-1876\" aria-expanded=\"false\">\n\t\t\t\t\t\t\t\t\t\t\t\t<span class=\"elementor-toggle-icon elementor-toggle-icon-left\" aria-hidden=\"true\">\n\t\t\t\t\t\t\t\t\t\t\t\t\t\t\t<span class=\"elementor-toggle-icon-closed\"><i class=\"fas fa-chevron-right\"><\/i><\/span>\n\t\t\t\t\t\t\t\t<span class=\"elementor-toggle-icon-opened\"><i class=\"elementor-toggle-icon-opened fas fa-chevron-down\"><\/i><\/span>\n\t\t\t\t\t\t\t\t\t\t\t\t\t<\/span>\n\t\t\t\t\t\t\t\t\t\t\t\t<a class=\"elementor-toggle-title\" tabindex=\"0\">Patrimoine et histoire<\/a>\n\t\t\t\t\t<\/div>\n\n\t\t\t\t\t<div id=\"elementor-tab-content-1876\" class=\"elementor-tab-content elementor-clearfix\" data-tab=\"6\" role=\"region\" aria-labelledby=\"elementor-tab-title-1876\"><p>Chaque projet, plonge ses racines dans l&rsquo;existant et se nourrit du contexte. C&rsquo;est ce dernier qui inspire la conception du projet dans soin rapport \u00e0 l&rsquo;histoire, la g\u00e9ographie, le v\u00e9cu du site. Nous refusons la <em>tabula rasa<\/em>, et pensons qu&rsquo;un projet ne doit pas rompre les fils avec le pass\u00e9 du lieu.<\/p><\/div>\n\t\t\t\t<\/div>\n\t\t\t\t\t\t\t<div class=\"elementor-toggle-item\">\n\t\t\t\t\t<div id=\"elementor-tab-title-1877\" class=\"elementor-tab-title\" data-tab=\"7\" role=\"button\" aria-controls=\"elementor-tab-content-1877\" aria-expanded=\"false\">\n\t\t\t\t\t\t\t\t\t\t\t\t<span class=\"elementor-toggle-icon elementor-toggle-icon-left\" aria-hidden=\"true\">\n\t\t\t\t\t\t\t\t\t\t\t\t\t\t\t<span class=\"elementor-toggle-icon-closed\"><i class=\"fas fa-chevron-right\"><\/i><\/span>\n\t\t\t\t\t\t\t\t<span class=\"elementor-toggle-icon-opened\"><i class=\"elementor-toggle-icon-opened fas fa-chevron-down\"><\/i><\/span>\n\t\t\t\t\t\t\t\t\t\t\t\t\t<\/span>\n\t\t\t\t\t\t\t\t\t\t\t\t<a class=\"elementor-toggle-title\" tabindex=\"0\">Mobilier sur-mesure, micro architecture<\/a>\n\t\t\t\t\t<\/div>\n\n\t\t\t\t\t<div id=\"elementor-tab-content-1877\" class=\"elementor-tab-content elementor-clearfix\" data-tab=\"7\" role=\"region\" aria-labelledby=\"elementor-tab-title-1877\"><p>Le travail du d\u00e9tail est un fondement de notre pratique. Cette exigence port\u00e9e sur le d\u00e9tail, permet un lien coh\u00e9rent entre l&rsquo;id\u00e9e et sa r\u00e9alisation.\u00a0<br \/>Grace \u00e0 une \u00e9quipe compos\u00e9e d&rsquo;architectes, designers, l&rsquo;agence con\u00e7oit r\u00e9guli\u00e8rement des micros architectures, des mobiliers et structures diverses.<\/p><\/div>\n\t\t\t\t<\/div>\n\t\t\t\t\t\t\t<div class=\"elementor-toggle-item\">\n\t\t\t\t\t<div id=\"elementor-tab-title-1878\" class=\"elementor-tab-title\" data-tab=\"8\" role=\"button\" aria-controls=\"elementor-tab-content-1878\" aria-expanded=\"false\">\n\t\t\t\t\t\t\t\t\t\t\t\t<span class=\"elementor-toggle-icon elementor-toggle-icon-left\" aria-hidden=\"true\">\n\t\t\t\t\t\t\t\t\t\t\t\t\t\t\t<span class=\"elementor-toggle-icon-closed\"><i class=\"fas fa-chevron-right\"><\/i><\/span>\n\t\t\t\t\t\t\t\t<span class=\"elementor-toggle-icon-opened\"><i class=\"elementor-toggle-icon-opened fas fa-chevron-down\"><\/i><\/span>\n\t\t\t\t\t\t\t\t\t\t\t\t\t<\/span>\n\t\t\t\t\t\t\t\t\t\t\t\t<a class=\"elementor-toggle-title\" tabindex=\"0\">P\u00e9dagogie et formations<\/a>\n\t\t\t\t\t<\/div>\n\n\t\t\t\t\t<div id=\"elementor-tab-content-1878\" class=\"elementor-tab-content elementor-clearfix\" data-tab=\"8\" role=\"region\" aria-labelledby=\"elementor-tab-title-1878\"><p>Territoires propose r\u00e9guli\u00e8rement des interventions vers les maitrises d&rsquo;ouvrage ou architectes pour partager et sensibiliser aux probl\u00e9matiques du paysage. Permettant ainsi de mieux pr\u00e9parer les acteurs de la ville \u00e0 de nombreux d\u00e9fis tels que : le paysage face au changement climatique, la gestion raisonn\u00e9e des sols, les mat\u00e9riaux \u00e9cologiques et innovants, les dynamiques naturelles \u00e0 grande \u00e9chelle, &#8230;<\/p><\/div>\n\t\t\t\t<\/div>\n\t\t\t\t\t\t\t\t<\/div>\n\t\t\t\t\t\t<\/div>\n\t\t\t\t<\/div>\n\t\t\t\t\t<\/div>\n\t\t<\/div>\n\t\t\t\t\t<\/div>\n\t\t<\/section>\n\t\t\t\t\t<\/div>\n\t\t<\/div>\n\t\t\t\t\t<\/div>\n\t\t<\/section>\n\t\t\t\t<section class=\"elementor-section elementor-top-section elementor-element elementor-element-fe3ee1d elementor-section-boxed elementor-section-height-default elementor-section-height-default\" data-id=\"fe3ee1d\" data-element_type=\"section\">\n\t\t\t\t\t\t<div class=\"elementor-container elementor-column-gap-default\">\n\t\t\t\t\t<div class=\"elementor-column elementor-col-100 elementor-top-column elementor-element elementor-element-f4088fe\" data-id=\"f4088fe\" data-element_type=\"column\">\n\t\t\t<div class=\"elementor-widget-wrap elementor-element-populated\">\n\t\t\t\t\t\t<div class=\"elementor-element elementor-element-2f22ae2 elementor-widget elementor-widget-toggle\" data-id=\"2f22ae2\" data-element_type=\"widget\" data-widget_type=\"toggle.default\">\n\t\t\t\t<div class=\"elementor-widget-container\">\n\t\t\t\t\t\t\t<div class=\"elementor-toggle\">\n\t\t\t\t\t\t\t<div class=\"elementor-toggle-item\">\n\t\t\t\t\t<div id=\"elementor-tab-title-4941\" class=\"elementor-tab-title\" data-tab=\"1\" role=\"button\" aria-controls=\"elementor-tab-content-4941\" aria-expanded=\"false\">\n\t\t\t\t\t\t\t\t\t\t\t\t<span class=\"elementor-toggle-icon elementor-toggle-icon-left\" aria-hidden=\"true\">\n\t\t\t\t\t\t\t\t\t\t\t\t\t\t\t<span class=\"elementor-toggle-icon-closed\"><i class=\"fas fa-chevron-right\"><\/i><\/span>\n\t\t\t\t\t\t\t\t<span class=\"elementor-toggle-icon-opened\"><i class=\"elementor-toggle-icon-opened fas fa-chevron-down\"><\/i><\/span>\n\t\t\t\t\t\t\t\t\t\t\t\t\t<\/span>\n\t\t\t\t\t\t\t\t\t\t\t\t<a class=\"elementor-toggle-title\" tabindex=\"0\">Pour en savoir plus sur notre approche du m\u00e9tier<\/a>\n\t\t\t\t\t<\/div>\n\n\t\t\t\t\t<div id=\"elementor-tab-content-4941\" class=\"elementor-tab-content elementor-clearfix\" data-tab=\"1\" role=\"region\" aria-labelledby=\"elementor-tab-title-4941\"><p><strong>Architecte-paysagiste, un m\u00e9tier r\u00e9invent\u00e9 chaque jour<\/strong><\/p><p>En France, l\u2019\u00e9quivalent d\u2019un d\u00e9partement est artificialis\u00e9 tous les 7\u00a0ans. Sur un plan global, le climat change, impactant les temp\u00e9ratures et le cycle de l\u2019eau. D\u00e9sormais, on ne plante plus un arbre sans penser \u00e0 son r\u00e9gime hydrique dans 50\u00a0ans. On ne peut plus se contenter d\u2019\u00e9laborer un am\u00e9nagement autour de consid\u00e9rations ornementales.<\/p><p>Aujourd\u2019hui, la conception du paysage doit int\u00e9grer des enjeux de sobri\u00e9t\u00e9 \u00e9nerg\u00e9tique, d\u2019\u00eelots de chaleur, de pr\u00e9servation des sols, de sauvegarde de la biodiversit\u00e9&#8230; Il s\u2019agit de mobiliser le paysage pour prendre soin d\u2019espaces habit\u00e9s par l\u2019humain, la faune et la flore. Pour \u00eatre en phase avec ces enjeux, Territoires multiplie les temps de formation, les travaux de recherche et les exp\u00e9rimentations.<\/p><p>Chaque jour, nous r\u00e9inventons ainsi notre m\u00e9tier d\u2019architecte-paysagiste. Pour autant, certaines choses restent inchang\u00e9es, comme notre conviction qu\u2019un projet ne se pilote jamais hors sol. La conception d\u2019un paysage, en milieu rural ou urbain, suppose de composer avec les \u00e9cosyst\u00e8mes en place. Observer un espace, c\u2019est voir le projet qui germe en lui. C\u2019est pouvoir, ensuite, le faire basculer, sans le bousculer, vers un futur d\u00e9sirable.<\/p><p><strong>Des am\u00e9nagements sur mesure, g\u00e9n\u00e9reux et modestes<\/strong><\/p><p>La prise de contact avec le territoire passe aussi par l\u2019\u00e9coute du ma\u00eetre d\u2019ouvrage, de ses partenaires et des futurs usagers. Ce dialogue, tout au long d\u2019un projet, reste la meilleure m\u00e9thode pour b\u00e2tir une vision partag\u00e9e d\u2019un am\u00e9nagement con\u00e7u sur mesure, g\u00e9n\u00e9reux et modeste.<\/p><p>Oui, modeste. Nous pensons que l\u2019ing\u00e9nierie paysag\u00e8re doit int\u00e9grer, entre bon sens et innovation, une part de frugalit\u00e9. Dans nos projets, chaque m\u00e8tre carr\u00e9 am\u00e9nag\u00e9 fait l\u2019objet d\u2019un arbitrage pour atteindre l\u2019\u00e9quilibre entre moindre co\u00fbt \u2013 en termes de ressources naturelles, de budget\u2026 \u2013 et effet maximal. Une approche qui fait \u00e9cho au v\u00e9g\u00e9tal en action\u00a0: pour se d\u00e9velopper, les racines mettent en balance les contraintes du sol avec les ressources qu\u2019elles peuvent y trouver.<\/p><p><strong>Associer \u00ab\u00a0ceux qui font le paysage et ceux qui font la ville\u00a0\u00bb<\/strong><\/p><p>Nous gardons aussi \u00e0 l\u2019esprit que les racines sont toujours plus efficaces, quand elles entrent en symbiose avec leur milieu. Territoires cultive ainsi les \u00e9changes entre \u00ab\u00a0ceux qui font le paysage et ceux qui font la ville\u00a0\u00bb, en collaborant avec des experts \u2013 architectes, ing\u00e9nieurs, urbanistes, p\u00e9dologues, sociologues, artistes\u2026 \u2013 qui partagent nos valeurs.<\/p><p>Prendre racine dans un projet, c\u2019est aussi se poser la question du temps. Du temps qu\u2019il fait, du temps qui passe\u2026 Comment un am\u00e9nagement vivra-t-il, au fil des 365\u00a0jours de l\u2019ann\u00e9e\u00a0? Quelles y seront les dynamiques nature-nature et nature-humain\u00a0? Quels y seront les usages\u00a0? Comment y minimiser l\u2019entretien\u00a0? Quelle sera la fin de vie des mat\u00e9riaux utilis\u00e9s\u00a0?&#8230;<\/p><p>Poser toutes ces questions, c\u2019est poser la question de la place du paysage dans nos vies quotidiennes. Y r\u00e9pondre, c\u2019est la raison pour laquelle on se l\u00e8ve tous les matins, depuis 1992.<\/p><\/div>\n\t\t\t\t<\/div>\n\t\t\t\t\t\t\t\t<\/div>\n\t\t\t\t\t\t<\/div>\n\t\t\t\t<\/div>\n\t\t\t\t<div class=\"elementor-element elementor-element-ef4f856 elementor-widget elementor-widget-spacer\" data-id=\"ef4f856\" data-element_type=\"widget\" data-widget_type=\"spacer.default\">\n\t\t\t\t<div class=\"elementor-widget-container\">\n\t\t\t\t\t\t\t<div class=\"elementor-spacer\">\n\t\t\t<div class=\"elementor-spacer-inner\"><\/div>\n\t\t<\/div>\n\t\t\t\t\t\t<\/div>\n\t\t\t\t<\/div>\n\t\t\t\t\t<\/div>\n\t\t<\/div>\n\t\t\t\t\t<\/div>\n\t\t<\/section>\n\t\t\t\t<section class=\"elementor-section elementor-top-section elementor-element elementor-element-457e321 elementor-section-boxed elementor-section-height-default elementor-section-height-default\" data-id=\"457e321\" data-element_type=\"section\">\n\t\t\t\t\t\t<div class=\"elementor-container elementor-column-gap-default\">\n\t\t\t\t\t<div class=\"elementor-column elementor-col-100 elementor-top-column elementor-element elementor-element-29db9d3\" data-id=\"29db9d3\" data-element_type=\"column\">\n\t\t\t<div class=\"elementor-widget-wrap elementor-element-populated\">\n\t\t\t\t\t\t\t<\/div>\n\t\t<\/div>\n\t\t\t\t\t<\/div>\n\t\t<\/section>\n\t\t\t\t<\/div>\n\t\t      ","protected":false},"excerpt":{"rendered":"<p>TERRITOIRES Architectes de paysages Depuis 1992, Territoires con\u00e7oit des paysages au c\u0153ur de villages, autour d\u2019art\u00e8res urbaines, sur des sites touristiques, historiques ou naturels&#8230; Au fil de la centaine de projets que notre \u00e9quipe a r\u00e9alis\u00e9s, nous avons d\u00e9velopp\u00e9 une [&hellip;]<\/p>\n","protected":false},"author":1,"featured_media":0,"parent":0,"menu_order":0,"comment_status":"closed","ping_status":"closed","template":"","meta":{"_monsterinsights_skip_tracking":false,"_monsterinsights_sitenote_active":false,"_monsterinsights_sitenote_note":"","_monsterinsights_sitenote_category":0,"footnotes":""},"class_list":["post-1824","page","type-page","status-publish","hentry"],"aioseo_notices":[],"_links":{"self":[{"href":"https:\/\/territoirespaysagistes.com\/index.php\/wp-json\/wp\/v2\/pages\/1824","targetHints":{"allow":["GET"]}}],"collection":[{"href":"https:\/\/territoirespaysagistes.com\/index.php\/wp-json\/wp\/v2\/pages"}],"about":[{"href":"https:\/\/territoirespaysagistes.com\/index.php\/wp-json\/wp\/v2\/types\/page"}],"author":[{"embeddable":true,"href":"https:\/\/territoirespaysagistes.com\/index.php\/wp-json\/wp\/v2\/users\/1"}],"replies":[{"embeddable":true,"href":"https:\/\/territoirespaysagistes.com\/index.php\/wp-json\/wp\/v2\/comments?post=1824"}],"version-history":[{"count":238,"href":"https:\/\/territoirespaysagistes.com\/index.php\/wp-json\/wp\/v2\/pages\/1824\/revisions"}],"predecessor-version":[{"id":7303,"href":"https:\/\/territoirespaysagistes.com\/index.php\/wp-json\/wp\/v2\/pages\/1824\/revisions\/7303"}],"wp:attachment":[{"href":"https:\/\/territoirespaysagistes.com\/index.php\/wp-json\/wp\/v2\/media?parent=1824"}],"curies":[{"name":"wp","href":"https:\/\/api.w.org\/{rel}","templated":true}]}}